{"id":4418,"date":"2023-09-06T06:41:22","date_gmt":"2023-09-06T06:41:22","guid":{"rendered":"https:\/\/mostra.es\/?post_type=bases-concurso&#038;p=4418"},"modified":"2023-09-06T07:03:29","modified_gmt":"2023-09-06T07:03:29","slug":"jovenes-disenadores-xxx-2024","status":"publish","type":"bases-concurso","link":"https:\/\/mostra.es\/es\/bases-concurso\/xxx-jovenes-disenadores-2024\/","title":{"rendered":"XXX J\u00f3venes Dise\u00f1adores 2024"},"content":{"rendered":"<p>El Ayuntamiento de Camari\u00f1as acaba de hacer p\u00fablicas las bases del XXX concurso de Nuevos Dise\u00f1adores para la XXXIII Muestra de Encaje de Camari\u00f1as de la Diputaci\u00f3n Provincial de La Coru\u00f1a, que se celebrar\u00e1 del 27 al 31 de marzo de 2024, en el Bolet\u00edn Oficial de la Provincia (BOP).<\/p>\n\n\n\n<p>El objetivo principal del concurso es incentivar y promover la aplicaci\u00f3n del Encaje de Camari\u00f1as en la moda, otorgando tres premios a las mejores colecciones seg\u00fan la valoraci\u00f3n del jurado oficial. En esta edici\u00f3n se repite la categor\u00eda de colecci\u00f3n m\u00e1s comercial.<\/p>\n\n\n\n<p>El primer premio estar\u00e1 dotado con 2.100 euros, el segundo con 1.200 euros y tanto el tercero como el premio a la colecci\u00f3n m\u00e1s comercial tendr\u00e1n una dotaci\u00f3n econ\u00f3mica de 600 euros cada uno.<\/p>\n\n\n\n<p>El plazo de presentaci\u00f3n de obras comienza hoy, lunes 4 de septiembre, y finaliza el 1 de diciembre de 2023. Los cuatro dise\u00f1os que componen la colecci\u00f3n deber\u00e1n incorporar encaje de Camari\u00f1as, no se aceptar\u00e1n aquellos que utilicen otro tipo de encaje.<\/p>\n\n\n\n<p>Podr\u00e1n participar en la convocatoria todos los dise\u00f1adores noveles, independientemente de su nacionalidad o pa\u00eds de residencia, siempre que sean estudiantes que cursen estudios en centros que impartan ense\u00f1anzas de dise\u00f1o y t\u00e9cnicas de indumentaria, hayan finalizado o no sus estudios, y todas aquellas personas relacionadas con el mundo del dise\u00f1o que, aunque sean profesionales del \u00e1mbito de la moda, mantengan una relaci\u00f3n contractual o aut\u00f3noma con una empresa del sector y no formen parte de su equipo de dise\u00f1o.<\/p>\n\n\n\n<p>La participaci\u00f3n podr\u00e1 ser individual o en grupo, en este \u00faltimo caso con un m\u00e1ximo de tres personas. Cada aspirante presentar\u00e1 una colecci\u00f3n compuesta por 4 dise\u00f1os. La tem\u00e1tica y modalidad son libres, tanto para moda masculina como femenina. Quedan excluidos los dise\u00f1os de moda infantil.<\/p>\n\n\n\n<p>La documentaci\u00f3n se puede presentar en el Ayuntamiento de Camari\u00f1as, en la Plaza de Insuela n\u00famero 57, en horario de oficina de 9:00 a 14:00 horas de lunes a viernes, o mediante correo certificado.<\/p>\n\n\n\n<p>La concejala de Exposici\u00f3n, Encarna Li\u00f1eiro, espera que \u201cesta nueva edici\u00f3n del concurso Nuevos Dise\u00f1adores, que celebramos su trig\u00e9sima edici\u00f3n, sirva para continuar con el esp\u00edritu vanguardista al que nos tienen acostumbrados los participantes de ediciones anteriores\u201d.<\/p>","protected":false},"excerpt":{"rendered":"<p>El plazo de presentaci\u00f3n de obras finaliza el 1 de diciembre de 2023. Se repartir\u00e1n 4.500 euros en premios, con reconocimiento al mejor dise\u00f1o, segundo mejor dise\u00f1o, tercer mejor dise\u00f1o y la colecci\u00f3n m\u00e1s comercial, una novedad presentada el a\u00f1o pasado.<\/p>","protected":false},"featured_media":4421,"template":"","ano-da-edicion":[],"class_list":["post-4418","bases-concurso","type-bases-concurso","status-publish","has-post-thumbnail","hentry"],"_links":{"self":[{"href":"https:\/\/mostra.es\/es\/wp-json\/wp\/v2\/bases-concurso\/4418","targetHints":{"allow":["GET"]}}],"collection":[{"href":"https:\/\/mostra.es\/es\/wp-json\/wp\/v2\/bases-concurso"}],"about":[{"href":"https:\/\/mostra.es\/es\/wp-json\/wp\/v2\/types\/bases-concurso"}],"version-history":[{"count":0,"href":"https:\/\/mostra.es\/es\/wp-json\/wp\/v2\/bases-concurso\/4418\/revisions"}],"wp:featuredmedia":[{"embeddable":true,"href":"https:\/\/mostra.es\/es\/wp-json\/wp\/v2\/media\/4421"}],"wp:attachment":[{"href":"https:\/\/mostra.es\/es\/wp-json\/wp\/v2\/media?parent=4418"}],"wp:term":[{"taxonomy":"ano-da-edicion","embeddable":true,"href":"https:\/\/mostra.es\/es\/wp-json\/wp\/v2\/ano-da-edicion?post=4418"}],"curies":[{"name":"gracias","href":"https:\/\/api.w.org\/{rel}","templated":true}]}}